{"id":200,"date":"2019-10-23T19:37:07","date_gmt":"2019-10-23T17:37:07","guid":{"rendered":"http:\/\/grupamisyjna.misjonarze.pl\/?page_id=200"},"modified":"2025-12-16T12:57:21","modified_gmt":"2025-12-16T11:57:21","slug":"schemat-misji","status":"publish","type":"page","link":"https:\/\/grupamisyjna.misjonarze.pl\/?page_id=200","title":{"rendered":"Schemat Misji"},"content":{"rendered":"<p><strong>Sobota<\/strong><\/p>\n<p>18.00 \u2013 Msza \u015bwi\u0119ta z nauk\u0105 misyjn\u0105.<\/p>\n<p><strong>Niedziela<\/strong><\/p>\n<p>Porz\u0105dek niedzielny<br \/>\nMsze \u015bwi\u0119te z nauk\u0105 misyjn\u0105. Uroczyste rozpocz\u0119cie Misji \u015bw.<br \/>\n20.30 \u2013 Misyjny Apel Jasnog\u00f3rski<\/p>\n<p><strong>Poniedzia\u0142ek &#8211; \u015aroda<\/strong><br \/>\n8.00 \u2013 Modlitwy poranne<br \/>\n8.30 \u2013 Msza \u015bwi\u0119ta z nauk\u0105 misyjn\u0105<br \/>\n18.00 \u2013 Msza \u015bwi\u0119ta z nauk\u0105 misyjn\u0105<br \/>\n19.30 \u2013 Msza \u015bwi\u0119ta z nauk\u0105 misyjn\u0105<br \/>\n20.30 \u2013 Misyjny Apel Jasnog\u00f3rski<\/p>\n<p><strong>Czwartek<\/strong> \u2013 <em>Dzie\u0144 Zmar\u0142ych<\/em><br \/>\n8.00 \u2013 Modlitwy poranne<br \/>\n8.30 \u2013 Msza \u015bwi\u0119ta z nauk\u0105 misyjn\u0105<br \/>\n18.00 \u2013 Msza \u015bwi\u0119ta z nauk\u0105 misyjn\u0105<br \/>\n19.30 \u2013 Msza \u015bwi\u0119ta z nauk\u0105 misyjn\u0105<br \/>\n21.00 \u2013 modlitwy za Zmar\u0142ych na parafialnym cmentarzu (lub 20.30 \u2013 procesja na cmentarz) i Apel<\/p>\n<p><strong>Pi\u0105tek<\/strong> &#8211; <em>Dzie\u0144 Chorych<\/em><br \/>\n8.00 \u2013 Modlitwy poranne<br \/>\n8.30 \u2013 Msza \u015bwi\u0119ta z nauk\u0105 misyjn\u0105 dla Chorych (sakrament namaszczenia chorych)<br \/>\nPo mszy \u015bwi\u0119tej odwiedziny Chorych w domach<br \/>\n18.00 \u2013 Msza \u015bwi\u0119ta z nauk\u0105 misyjn\u0105 dla Chorych (sakrament namaszczenia chorych)<br \/>\n19.30 \u2013 Msza \u015bwi\u0119ta z nauk\u0105 misyjn\u0105 dla Chorych (sakrament namaszczenia chorych)<br \/>\n20.30 \u2013 Droga Krzy\u017cowa ulicami Parafii<\/p>\n<p><strong>Sobota<\/strong> \u2013 <em>Dzie\u0144 Ma\u0142\u017ce\u0144stwa i Rodziny<\/em><br \/>\n8.00 \u2013 Modlitwy poranne<br \/>\n8.30 \u2013 Msza \u015bwi\u0119ta z nauk\u0105 misyjn\u0105 \u2013 Odnowienie \u015blub\u00f3w ma\u0142\u017ce\u0144skich<br \/>\n18.00 \u2013 Msza \u015bwi\u0119ta z nauk\u0105 misyjn\u0105 \u2013 Odnowienie \u015blub\u00f3w ma\u0142\u017ce\u0144skich<\/p>\n<p><strong>Niedziela<\/strong> \u2013 <em>Zako\u0144czenie Misji \u015bwi\u0119tych. B\u0142ogos\u0142awie\u0144stwo misyjne.<\/em><br \/>\nMsze \u015bwi\u0119te z nauk\u0105 na zako\u0144czenie Misji \u015bwi\u0119tych. B\u0142ogos\u0142awie\u0144stwo misyjne i odpust.<br \/>\nPo Sumie modlitwy pod krzy\u017cem misyjnym.<\/p>\n<p><strong>SPOWIED\u0179 \u015aWI\u0118TA MISYJNA<\/strong> \u2013 codziennie p\u00f3\u0142 godziny przed ka\u017cd\u0105 msz\u0105 \u015bwi\u0119t\u0105<br \/>\noraz dodatkowo (mo\u017cna wybra\u0107 konkretny dzie\u0144)<\/p>\n<ul>\n<li>\u00a0Plan dostosowuje si\u0119 do reali\u00f3w i tradycji danej parafii (konkretne nabo\u017ce\u0144stwa,<br \/>\ngodziny) \u2013 nie zmienia\u0107 sta\u0142ych godzin Mszy \u015bw. ze wzgl\u0119du na misje<\/li>\n<li>Mszy \u015bw. o 19.30 \u2013 dodatkowa ze wzgl\u0105du na d\u0142u\u017cej pracuj\u0105cych. Je\u015bli nie ma<br \/>\ntakiej potrzeby mo\u017cna wprowadzi\u0107 nauki stanowe (kobiety, m\u0119\u017cczy\u017ani, rodzice).<\/li>\n<li>Unika\u0107 rekolekcji szkolnych<\/li>\n<li>Dla dzieci i m\u0142odzie\u017cy z parafii mo\u017cna zorganizowa\u0107 specjaln\u0105 nauk\u0119<\/li>\n<\/ul>\n<p><strong><em>Wa\u017cne \u2013 wymienione w planie godziny s\u0105 tylko propozycj\u0105. Godziny spotka\u0144 liturgicznych powinny by\u0107 sta\u0142e \u2013 jak zawsze w parafii.<\/em><\/strong><\/p>\n","protected":false},"excerpt":{"rendered":"<p>Sobota 18.00 \u2013 Msza \u015bwi\u0119ta z nauk\u0105 misyjn\u0105. Niedziela Porz\u0105dek niedzielny Msze \u015bwi\u0119te z nauk\u0105 misyjn\u0105.&hellip;<\/p>\n","protected":false},"author":1,"featured_media":0,"parent":0,"menu_order":0,"comment_status":"closed","ping_status":"closed","template":"","meta":{"footnotes":""},"class_list":["post-200","page","type-page","status-publish","hentry"],"_links":{"self":[{"href":"https:\/\/grupamisyjna.misjonarze.pl\/index.php?rest_route=\/wp\/v2\/pages\/200","targetHints":{"allow":["GET"]}}],"collection":[{"href":"https:\/\/grupamisyjna.misjonarze.pl\/index.php?rest_route=\/wp\/v2\/pages"}],"about":[{"href":"https:\/\/grupamisyjna.misjonarze.pl\/index.php?rest_route=\/wp\/v2\/types\/page"}],"author":[{"embeddable":true,"href":"https:\/\/grupamisyjna.misjonarze.pl\/index.php?rest_route=\/wp\/v2\/users\/1"}],"replies":[{"embeddable":true,"href":"https:\/\/grupamisyjna.misjonarze.pl\/index.php?rest_route=%2Fwp%2Fv2%2Fcomments&post=200"}],"version-history":[{"count":5,"href":"https:\/\/grupamisyjna.misjonarze.pl\/index.php?rest_route=\/wp\/v2\/pages\/200\/revisions"}],"predecessor-version":[{"id":4765,"href":"https:\/\/grupamisyjna.misjonarze.pl\/index.php?rest_route=\/wp\/v2\/pages\/200\/revisions\/4765"}],"wp:attachment":[{"href":"https:\/\/grupamisyjna.misjonarze.pl\/index.php?rest_route=%2Fwp%2Fv2%2Fmedia&parent=200"}],"curies":[{"name":"wp","href":"https:\/\/api.w.org\/{rel}","templated":true}]}}